{"id":2089,"date":"2023-02-13T09:42:13","date_gmt":"2023-02-13T08:42:13","guid":{"rendered":"https:\/\/kubik-creation.poush-dev.be\/project\/les-azalees-home-a-bruxelles\/"},"modified":"2023-04-04T17:03:24","modified_gmt":"2023-04-04T15:03:24","slug":"les-azalees-home-a-bruxelles","status":"publish","type":"project","link":"https:\/\/www.kubik-creation.be\/nl\/project\/les-azalees-home-a-bruxelles\/","title":{"rendered":"Les Azal\u00e9es \u2013 Home \u00e0 Bruxelles"},"content":{"rendered":"<p>[et_pb_section fb_built=&#8221;1&#8243; custom_padding_last_edited=&#8221;on|phone&#8221; admin_label=&#8221;Above the fold&#8221; module_id=&#8221;custom-header-size&#8221; _builder_version=&#8221;4.19.4&#8243; _module_preset=&#8221;default&#8221; background_enable_color=&#8221;off&#8221; background_enable_image=&#8221;off&#8221; background_blend=&#8221;overlay&#8221; width=&#8221;100%&#8221; custom_margin=&#8221;||||false|true&#8221; custom_padding=&#8221;240px|60px|0px|60px|false|true&#8221; custom_padding_tablet=&#8221;0px|40px|0px|40px|true|true&#8221; custom_padding_phone=&#8221;|10px||10px|true|true&#8221; custom_css_before=&#8221;content:%22%22;||display: none;||width: 1px;||height: 100%;||background-color: rgba(12,23,37,0.25);||||position: absolute;||left: 100px;||top: 0;||z-index: 0;&#8221; custom_css_main_element=&#8221;display:flex;||align-items: center;&#8221; custom_css_after=&#8221;content:%22%22;||display: block;||width: 1px;||height: 673px;||background-color: rgba(12,23,37,0.25);||||position: absolute;||left: 359px;||top: 0px;||z-index: 0;&#8221; border_width_bottom=&#8221;0px&#8221; border_color_bottom=&#8221;rgba(12,23,37,0.25)&#8221; global_colors_info=&#8221;{}&#8221; custom_css_before_last_edited=&#8221;on|desktop&#8221; custom_css_before_tablet=&#8221;content:%22%22;||display: block;||width: 1px;||height: 670px;||background-color: rgba(12,23,37,0.25);||||position: absolute;||left: 40px;||top: 0px;||z-index: 400;&#8221; custom_css_before_phone=&#8221;content:%22%22;||display: none;||width: 1px;||height: 787px;||background-color: rgba(12,23,37,0.25);||||position: absolute;||left: 10px;||top: 0px;||z-index: 400;&#8221; custom_css_after_last_edited=&#8221;on|phone&#8221; custom_css_after_tablet=&#8221;content:%22%22;||display: block;||width: 1px;||height: 670px;||background-color:rgba(12,23,37,0.25);||||position: absolute;||left: 199px;||top: 0px;||z-index: 400;&#8221; custom_css_after_phone=&#8221;content:%22%22;||display: block;||width: 1px;||height: 0;||background-color:rgba(12,23,37,0.25);||||position: absolute;||left: 250px;||top: 0px;||z-index: 400;&#8221;][et_pb_row column_structure=&#8221;1_2,1_2&#8243; custom_padding_last_edited=&#8221;on|phone&#8221; _builder_version=&#8221;4.19.4&#8243; _module_preset=&#8221;default&#8221; use_background_color_gradient=&#8221;on&#8221; background_color_gradient_direction=&#8221;137deg&#8221; background_color_gradient_stops=&#8221;rgba(0,9,28,0.58) 0%|rgba(3,51,47,0) 100%&#8221; background_color_gradient_overlays_image=&#8221;on&#8221; background_image=&#8221;https:\/\/www.kubik-creation.be\/wp-content\/uploads\/2023\/02\/les-azalees-header.jpg&#8221; width=&#8221;100%&#8221; max_width=&#8221;100%&#8221; custom_margin=&#8221;|0px||0px|true|true&#8221; custom_margin_tablet=&#8221;127px|0px||0px|false|true&#8221; custom_margin_phone=&#8221;|0px||0px|false|true&#8221; custom_margin_last_edited=&#8221;on|tablet&#8221; custom_padding=&#8221;|60px||60px|false|true&#8221; custom_padding_tablet=&#8221;80px|40px||40px|false|true&#8221; custom_padding_phone=&#8221;120px|20px||20px|false|true&#8221; custom_css_before=&#8221;content:%22%22;||display: block;||width: calc(100% + 230px);||height: 1px;||background-color: hsla(0,0%,100%,0.25);||||position: absolute;||left: -110px;||bottom: 0;||z-index: 400;&#8221; custom_css_main_element=&#8221;display: flex;||align-items: center;&#8221; border_color_all=&#8221;#FFFFFF&#8221; border_width_right=&#8221;1px&#8221; border_color_right=&#8221;rgba(12,23,37,0.25)&#8221; border_color_bottom=&#8221;rgba(12,23,37,0.25)&#8221; border_width_left=&#8221;1px&#8221; border_color_left=&#8221;rgba(12,23,37,0.25)&#8221; border_width_all_tablet=&#8221;&#8221; border_width_all_phone=&#8221;&#8221; border_width_all_last_edited=&#8221;on|tablet&#8221; border_width_right_tablet=&#8221;1px&#8221; border_width_right_phone=&#8221;0px&#8221; border_width_right_last_edited=&#8221;on|phone&#8221; border_width_bottom_tablet=&#8221;&#8221; border_width_bottom_phone=&#8221;&#8221; border_width_bottom_last_edited=&#8221;on|phone&#8221; border_width_left_tablet=&#8221;0px&#8221; border_width_left_phone=&#8221;0px&#8221; border_width_left_last_edited=&#8221;on|tablet&#8221; global_colors_info=&#8221;{}&#8221; custom_css_before_last_edited=&#8221;on|tablet&#8221; custom_css_before_tablet=&#8221;content:%22%22;||display: block;||width: calc(100% + 200px);||height: 1px;||background-color: hsla(0,0%,100%,0.25);||||position: absolute;||left: -110px;||bottom: 0;||z-index: 400;&#8221; custom_css_main_element_last_edited=&#8221;on|tablet&#8221; custom_css_main_element_phone=&#8221;display: flex;||align-items: center||&#8221; custom_css_main_element_tablet=&#8221;display: flex;||align-items: center;&#8221; custom_css_before_phone=&#8221;content:%22%22;||display: none;||width: calc(100% + 200px);||height: 1px;||background-color: hsla(0,0%,100%,0.25);||||position: absolute;||left: -110px;||bottom: 0;||z-index: 400;&#8221;][et_pb_column type=&#8221;1_2&#8243; _builder_version=&#8221;4.19.4&#8243; _module_preset=&#8221;default&#8221; custom_css_main_element=&#8221;max-width: 600px !important;||width: 90% !important;&#8221; global_colors_info=&#8221;{}&#8221; custom_css_main_element_last_edited=&#8221;on|desktop&#8221; custom_css_main_element_tablet=&#8221;max-width: 600px !important;||width: 90% !important;&#8221; custom_css_main_element_phone=&#8221;max-width: 100%;&#8221;][dsm_block_reveal_text block_reveal_text=&#8221;Les Azal\u00e9es \u2013 Home in Brussels&#8221; block_reveal_color=&#8221;#FFFFFF&#8221; _builder_version=&#8221;4.20.2&#8243; _module_preset=&#8221;default&#8221; header_font=&#8221;Poppins|600|||||||&#8221; header_text_color=&#8221;#FFFFFF&#8221; header_font_size=&#8221;50px&#8221; custom_padding=&#8221;||0px||false|false&#8221; header_font_size_tablet=&#8221;42px&#8221; header_font_size_phone=&#8221;42px&#8221; header_font_size_last_edited=&#8221;on|tablet&#8221; global_colors_info=&#8221;{}&#8221;][\/dsm_block_reveal_text][et_pb_text admin_label=&#8221;Text&#8221; _builder_version=&#8221;4.20.2&#8243; _module_preset=&#8221;_initial&#8221; text_text_color=&#8221;#FFFFFF&#8221; header_text_color=&#8221;#FFFFFF&#8221; background_size=&#8221;initial&#8221; background_position=&#8221;top_left&#8221; background_repeat=&#8221;repeat&#8221; global_colors_info=&#8221;{}&#8221;]<\/p>\n<p>Les Azal\u00e9es is een rust- en verzorgingstehuis in de Brusselse wijk Evere. Ons werd gevraagd het buitenterras te verbeteren door de integratie van cortenstalen panelen.<\/p>\n<p>[\/et_pb_text][\/et_pb_column][et_pb_column type=&#8221;1_2&#8243; disabled_on=&#8221;on|on|off&#8221; _builder_version=&#8221;4.19.4&#8243; _module_preset=&#8221;default&#8221; global_colors_info=&#8221;{}&#8221; custom_css_main_element_last_edited=&#8221;on|phone&#8221; custom_css_main_element_tablet=&#8221;display: none !important;&#8221; custom_css_main_element_phone=&#8221;display: none !important;&#8221;][\/et_pb_column][\/et_pb_row][\/et_pb_section][et_pb_section fb_built=&#8221;1&#8243; custom_padding_last_edited=&#8221;on|phone&#8221; _builder_version=&#8221;4.19.4&#8243; _module_preset=&#8221;default&#8221; background_color=&#8221;#152026&#8243; background_enable_image=&#8221;off&#8221; background_blend=&#8221;soft-light&#8221; custom_margin=&#8221;80px||||false|false&#8221; custom_padding=&#8221;80px|60px|80px|60px|false|true&#8221; custom_padding_tablet=&#8221;0px|40px|94px|40px|false|true&#8221; custom_padding_phone=&#8221;0px|10px|94px|10px|false|true&#8221; custom_css_before=&#8221;content:%22%22;||display: block;||width: 1px;||height: 100%;||background-color: rgba(255,255,255, 0.25);||||position: absolute;||left: 60px;||top: 0;&#8221; custom_css_main_element=&#8221;position: relative;&#8221; custom_css_after=&#8221;content:%22%22;||display: block;||width: 1px;||height: 100%;||background-color: rgba(255,255,255, 0.25);||||position: absolute;||right: 60px;||top: 0;&#8221; border_width_top=&#8221;1px&#8221; border_color_top=&#8221;rgba(255,255,255,0.25)&#8221; global_colors_info=&#8221;{}&#8221; custom_css_before_last_edited=&#8221;on|desktop&#8221; custom_css_before_tablet=&#8221;content:%22%22;||display: block;||width: 1px;||height: 100%;||background-color: rgba(255,255,255, 0.25);||||position: absolute;||left: 40px;||top: 0;&#8221; custom_css_before_phone=&#8221;content:%22%22;||display: block;||width: 1px;||height: 100%;||background-color: rgba(255,255,255, 0.25);||||position: absolute;||left: 10px;||top: 0;&#8221; custom_css_after_last_edited=&#8221;on|phone&#8221; custom_css_after_tablet=&#8221;content:%22%22;||display: block;||width: 1px;||height: 100%;||background-color: rgba(255,255,255, 0.25);||||position: absolute;||right: 40px;||top: 0;&#8221; custom_css_after_phone=&#8221;content:%22%22;||display: block;||width: 1px;||height: 100%;||background-color: rgba(255,255,255, 0.25);||||position: absolute;||right: 10px;||top: 0;&#8221;][et_pb_row column_structure=&#8221;1_2,1_2&#8243; custom_padding_last_edited=&#8221;on|phone&#8221; _builder_version=&#8221;4.19.4&#8243; _module_preset=&#8221;default&#8221; background_enable_color=&#8221;off&#8221; width=&#8221;100%&#8221; width_tablet=&#8221;100%&#8221; width_phone=&#8221;100%&#8221; width_last_edited=&#8221;on|phone&#8221; max_width=&#8221;1500px&#8221; custom_margin=&#8221;5px|auto||auto||&#8221; custom_padding=&#8221;8px|60px|2px|60px|false|true&#8221; custom_padding_tablet=&#8221;0px|40px|0px|40px|false|true&#8221; custom_padding_phone=&#8221;0px|20px|0px|20px|false|true&#8221; custom_css_before=&#8221;content:%22%22;||display: block;||width: 1px;||height: 100%;||background-color: rgba(0,0,0,0.1);||||position: absolute;||right: 299px;||top: 0;&#8221; custom_css_main_element=&#8221;position: relative;||display:flex;||align-items:center;&#8221; global_colors_info=&#8221;{}&#8221; custom_css_main_element_last_edited=&#8221;on|phone&#8221; custom_css_main_element_tablet=&#8221;width: 100%;||display: flex;||flex-direction: column-reverse;&#8221; custom_css_before_last_edited=&#8221;on|tablet&#8221; custom_css_main_element_phone=&#8221;width: 100%;||display: flex;||flex-direction: column-reverse;&#8221; custom_css_before_tablet=&#8221;content:%22%22;||display: block;||width: 1px;||height: 100%;||background-color: rgba(0,0,0,0.1);||||position: absolute;||right: 299px;||top: 0;&#8221; custom_css_before_phone=&#8221;content:%22%22;||display: block;||width: 1px;||height: 100%;||background-color: rgba(0,0,0,0.1);||||position: absolute;||right: 299px;||top: 0;&#8221;][et_pb_column type=&#8221;1_2&#8243; _builder_version=&#8221;4.19.4&#8243; _module_preset=&#8221;default&#8221; global_colors_info=&#8221;{}&#8221;][et_pb_image src=&#8221;https:\/\/www.kubik-creation.be\/wp-content\/uploads\/2023\/02\/les-azalees-bacs.jpg&#8221; title_text=&#8221;les-azalees-bacs&#8221; align=&#8221;center&#8221; _builder_version=&#8221;4.19.4&#8243; _module_preset=&#8221;default&#8221; max_height=&#8221;600px&#8221; global_colors_info=&#8221;{}&#8221;][\/et_pb_image][\/et_pb_column][et_pb_column type=&#8221;1_2&#8243; _builder_version=&#8221;4.19.4&#8243; _module_preset=&#8221;default&#8221; custom_padding=&#8221;|0px||0px|false|true&#8221; custom_padding_tablet=&#8221;|0px||0px|false|true&#8221; custom_padding_phone=&#8221;|0px||0px|false|true&#8221; custom_padding_last_edited=&#8221;on|tablet&#8221; global_colors_info=&#8221;{}&#8221;][dsm_block_reveal_text block_reveal_text=&#8221;Nieuwe modulaire tuin van Kubik: functioneel en esthetisch&#8221; block_reveal_color=&#8221;#f2f2f2&#8243; _builder_version=&#8221;4.20.2&#8243; _module_preset=&#8221;default&#8221; header_text_color=&#8221;#FFFFFF&#8221; global_colors_info=&#8221;{}&#8221;][\/dsm_block_reveal_text][et_pb_text _builder_version=&#8221;4.20.2&#8243; _module_preset=&#8221;default&#8221; text_text_color=&#8221;#FFFFFF&#8221; global_colors_info=&#8221;{}&#8221;]<\/p>\n<p>Kubik bood verschillende maten van 2mm dikke kuipen aan om \u00e9\u00e9n geheel te vormen.<br \/>De verschillende modules werden aan elkaar geschroefd en geperforeerd om het automatische bewateringssysteem door te laten.<\/p>\n<p>Het middelpunt is een vierkant van 2m x 2m met een ge\u00efntegreerde IPE houten bank zodat de bewoners kunnen genieten van hun nieuwe bloeiende ruimte.<\/p>\n<p>Het vullen van de plantenbakken en de keuze van de beplanting werd uitgevoerd door B-jardin (Banjamin Loutres en zijn team).<\/p>\n<p>De tuinaannemer :\u00a0<a href=\"https:\/\/www.b-jardin.be\/\">https:\/\/www.b-jardin.be\/<\/a><br \/>Het bejaardentehuis :\u00a0<a href=\"http:\/\/www.novadia.be\/residences\/azalees\/\" target=\"_blank\" rel=\"noopener noreferrer\">http:\/\/www.novadia.be\/residences\/azalees\/<\/a><\/p>\n<div class=\"wpb_text_column wpb_content_element \">\n<div class=\"wpb_wrapper\">\n<p>&nbsp;<\/p>\n<\/div>\n<\/div>\n<p>[\/et_pb_text][\/et_pb_column][\/et_pb_row][\/et_pb_section][et_pb_section fb_built=&#8221;1&#8243; custom_padding_last_edited=&#8221;on|phone&#8221; module_id=&#8221;realisations&#8221; _builder_version=&#8221;4.19.4&#8243; _module_preset=&#8221;default&#8221; background_enable_color=&#8221;off&#8221; custom_margin=&#8221;||||false|false&#8221; custom_padding=&#8221;80px|60px|80px|60px|false|true&#8221; custom_padding_tablet=&#8221;0px|40px|110px|40px|false|true&#8221; custom_padding_phone=&#8221;0px|10px|110px|10px|false|true&#8221; custom_css_before=&#8221;content:%22%22;||display: block;||width: 1px;||height: 100%;||background-color: rgba(0,0,0,0.1);||||position: absolute;||left: 60px;||top: 0;||z-index: 400;&#8221; custom_css_main_element=&#8221;position: relative;&#8221; custom_css_after=&#8221;content:%22%22;||display: block;||width: 1px;||height: 100%;||background-color: rgba(0,0,0,0.1);||||position: absolute;||right: 60px;||top: 0;&#8221; global_colors_info=&#8221;{}&#8221; custom_css_before_last_edited=&#8221;on|phone&#8221; custom_css_before_tablet=&#8221;content:%22%22;||display: block;||width: 1px;||height: 100%;||background-color: rgba(0,0,0,0.1);||||position: absolute;||left: 40px;||top: 0;||z-index: 400;&#8221; custom_css_after_last_edited=&#8221;on|phone&#8221; custom_css_after_tablet=&#8221;content:%22%22;||display: block;||width: 1px;||height: 100%;||background-color: rgba(0,0,0,0.1);||||position: absolute;||right: 40px;||top: 0;&#8221; custom_css_after_phone=&#8221;content:%22%22;||display: block;||width: 1px;||height: 100%;||background-color: rgba(0,0,0,0.1);||||position: absolute;||right: 10px;||top: 0;&#8221; custom_css_main_element_last_edited=&#8221;on|desktop&#8221; custom_css_before_phone=&#8221;content:%22%22;||display: block;||width: 1px;||height: 100%;||background-color: rgba(0,0,0,0.1);||||position: absolute;||left: 10px;||top: 0;||z-index: 400;&#8221; custom_css_main_element_tablet=&#8221;position: relative;&#8221; custom_css_main_element_phone=&#8221;position: relative;&#8221;][et_pb_row column_structure=&#8221;1_2,1_2&#8243; custom_padding_last_edited=&#8221;on|desktop&#8221; _builder_version=&#8221;4.19.4&#8243; _module_preset=&#8221;default&#8221; background_enable_color=&#8221;off&#8221; width=&#8221;100%&#8221; width_tablet=&#8221;100%&#8221; width_phone=&#8221;100%&#8221; width_last_edited=&#8221;on|phone&#8221; max_width=&#8221;1500px&#8221; module_alignment=&#8221;center&#8221; custom_margin=&#8221;0px|auto||auto||&#8221; custom_margin_tablet=&#8221;0px|auto||auto||&#8221; custom_margin_phone=&#8221;0px|auto||auto||&#8221; custom_margin_last_edited=&#8221;on|desktop&#8221; custom_padding=&#8221;2px|60px|2px|60px|true|true&#8221; custom_padding_tablet=&#8221;100px|40px||40px|false|true&#8221; custom_padding_phone=&#8221;|20px||20px|false|true&#8221; custom_css_main_element=&#8221;width: calc(100% &#8211; 200px);||position: relative;||display: flex;||align-items: center;&#8221; global_colors_info=&#8221;{}&#8221; custom_css_before_last_edited=&#8221;on|tablet&#8221;][et_pb_column type=&#8221;1_2&#8243; _builder_version=&#8221;4.19.4&#8243; _module_preset=&#8221;default&#8221; global_colors_info=&#8221;{}&#8221;][et_pb_text _builder_version=&#8221;4.20.2&#8243; _module_preset=&#8221;default&#8221; global_colors_info=&#8221;{}&#8221;]<\/p>\n<h3>3D technische tekening :<\/h3>\n<p>[\/et_pb_text][et_pb_text _builder_version=&#8221;4.20.2&#8243; _module_preset=&#8221;default&#8221; global_colors_info=&#8221;{}&#8221;]<\/p>\n<p>Na enkele besprekingen met de werfleider maakten we het 3D-plan van de plantenbakken voor goedkeuring.<\/p>\n<p>[\/et_pb_text][et_pb_image src=&#8221;https:\/\/www.kubik-creation.be\/wp-content\/uploads\/2023\/02\/les-azalees-plan-2d.jpg&#8221; title_text=&#8221;les-azalees-plan-2d&#8221; _builder_version=&#8221;4.19.4&#8243; _module_preset=&#8221;default&#8221; global_colors_info=&#8221;{}&#8221;][\/et_pb_image][\/et_pb_column][et_pb_column type=&#8221;1_2&#8243; _builder_version=&#8221;4.19.4&#8243; _module_preset=&#8221;default&#8221; global_colors_info=&#8221;{}&#8221;][et_pb_image src=&#8221;https:\/\/www.kubik-creation.be\/wp-content\/uploads\/2023\/02\/les-azalees-plan-3d.jpg&#8221; title_text=&#8221;les-azalees-plan-3d&#8221; _builder_version=&#8221;4.19.4&#8243; _module_preset=&#8221;default&#8221; global_colors_info=&#8221;{}&#8221;][\/et_pb_image][et_pb_button button_url=&#8221;@ET-DC@eyJkeW5hbWljIjp0cnVlLCJjb250ZW50IjoicG9zdF9saW5rX3VybF9wYWdlIiwic2V0dGluZ3MiOnsicG9zdF9pZCI6IjM0OSJ9fQ==@&#8221; button_text=&#8221;Contacteer ons voor een offerte&#8221; button_alignment=&#8221;left&#8221; _builder_version=&#8221;4.20.2&#8243; _dynamic_attributes=&#8221;button_url&#8221; _module_preset=&#8221;default&#8221; custom_button=&#8221;on&#8221; button_text_size=&#8221;16px&#8221; button_text_color=&#8221;#FFFFFF&#8221; button_bg_color=&#8221;#051726&#8243; button_border_width=&#8221;0px&#8221; button_border_color=&#8221;#FFFFFF&#8221; button_font=&#8221;||||||||&#8221; button_icon=&#8221;&#x24;||divi||400&#8243; button_icon_color=&#8221;#FFFFFF&#8221; button_on_hover=&#8221;off&#8221; custom_margin=&#8221;60px|||||&#8221; custom_padding=&#8221;13px|45px|13px|30px|true|false&#8221; global_colors_info=&#8221;{}&#8221; button_bg_color__hover_enabled=&#8221;on|hover&#8221; button_bg_color__hover=&#8221;#000000&#8243; button_bg_enable_color__hover=&#8221;on&#8221;][\/et_pb_button][\/et_pb_column][\/et_pb_row][\/et_pb_section][et_pb_section fb_built=&#8221;1&#8243; custom_padding_last_edited=&#8221;on|phone&#8221; _builder_version=&#8221;4.19.4&#8243; _module_preset=&#8221;default&#8221; background_color=&#8221;#152026&#8243; custom_padding=&#8221;60px|60px|165px|60px|false|true&#8221; custom_padding_tablet=&#8221;60px|40px|100px|40px|false|true&#8221; custom_padding_phone=&#8221;|10px||10px|false|true&#8221; custom_css_before=&#8221;content:%22%22;||display: block;||width: 1px;||height: 100%;||background-color: rgba(0,0,0,0.1);||||position: absolute;||left: 60px;||top: 0;||z-index: 400;&#8221; custom_css_after=&#8221;content:%22%22;||display: block;||width: 1px;||height: 100%;||background-color: rgba(0,0,0,0.1);||||position: absolute;||right: 60px;||top: 0;||z-index: 400;&#8221; global_colors_info=&#8221;{}&#8221; custom_css_before_last_edited=&#8221;on|tablet&#8221; custom_css_before_tablet=&#8221;content:%22%22;||display: block;||width: 1px;||height: 100%;||background-color: rgba(0,0,0,0.1);||||position: absolute;||left: 40px;||top: 0;||z-index: 400;&#8221; custom_css_before_phone=&#8221;content:%22%22;||display: block;||width: 1px;||height: 100%;||background-color: rgba(0,0,0,0.1);||||position: absolute;||left: 10px;||top: 0;||z-index: 400;&#8221; custom_css_after_last_edited=&#8221;on|tablet&#8221; custom_css_after_tablet=&#8221;content:%22%22;||display: block;||width: 1px;||height: 100%;||background-color: rgba(0,0,0,0.1);||||position: absolute;||right: 40px;||top: 0;||z-index: 400;&#8221; custom_css_after_phone=&#8221;content:%22%22;||display: block;||width: 1px;||height: 100%;||background-color: rgba(0,0,0,0.1);||||position: absolute;||right: 10px;||top: 0;||z-index: 400;&#8221;][et_pb_row custom_padding_last_edited=&#8221;on|desktop&#8221; _builder_version=&#8221;4.19.4&#8243; _module_preset=&#8221;default&#8221; background_color=&#8221;#152026&#8243; width=&#8221;100%&#8221; width_tablet=&#8221;100%&#8221; width_phone=&#8221;100%&#8221; width_last_edited=&#8221;on|phone&#8221; max_width=&#8221;1500px&#8221; custom_margin=&#8221;|auto||auto|false|false&#8221; custom_padding=&#8221;70px|60px|70px|60px|true|true&#8221; custom_padding_tablet=&#8221;40px|40px|40px|40px|true|true&#8221; custom_padding_phone=&#8221;30px|20px|30px|20px|true|true&#8221; global_colors_info=&#8221;{}&#8221;][et_pb_column type=&#8221;4_4&#8243; _builder_version=&#8221;4.19.4&#8243; _module_preset=&#8221;default&#8221; global_colors_info=&#8221;{}&#8221;][et_pb_text _builder_version=&#8221;4.20.2&#8243; _module_preset=&#8221;default&#8221; text_text_color=&#8221;#FFFFFF&#8221; header_text_color=&#8221;#FFFFFF&#8221; header_2_text_color=&#8221;#FFFFFF&#8221; header_6_text_color=&#8221;#FFFFFF&#8221; global_colors_info=&#8221;{}&#8221;]<\/p>\n<h2 style=\"text-align: center;\">Doe een beroep op Kubik voor uw exterieur<\/h2>\n<h6 style=\"text-align: center;\">Vraag een offerte aan bij een van onze experts<\/h6>\n<p>[\/et_pb_text][et_pb_button button_url=&#8221;@ET-DC@eyJkeW5hbWljIjp0cnVlLCJjb250ZW50IjoicG9zdF9saW5rX3VybF9wYWdlIiwic2V0dGluZ3MiOnsicG9zdF9pZCI6IjM0OSJ9fQ==@&#8221; button_text=&#8221;Aanvraag een offerte&#8221; button_alignment=&#8221;center&#8221; _builder_version=&#8221;4.20.2&#8243; _dynamic_attributes=&#8221;button_url&#8221; _module_preset=&#8221;default&#8221; custom_button=&#8221;on&#8221; button_text_size=&#8221;16px&#8221; button_text_color=&#8221;#152026&#8243; button_bg_color=&#8221;#ebeced&#8221; button_border_width=&#8221;0px&#8221; button_border_color=&#8221;#FFFFFF&#8221; button_font=&#8221;||||||||&#8221; button_icon=&#8221;&#x24;||divi||400&#8243; button_icon_color=&#8221;#0b1726&#8243; button_on_hover=&#8221;off&#8221; custom_padding=&#8221;13px|45px|13px|30px|true|false&#8221; global_colors_info=&#8221;{}&#8221;][\/et_pb_button][\/et_pb_column][\/et_pb_row][\/et_pb_section][et_pb_section fb_built=&#8221;1&#8243; custom_padding_last_edited=&#8221;on|phone&#8221; _builder_version=&#8221;4.19.4&#8243; _module_preset=&#8221;default&#8221; background_color=&#8221;#f2f2f2&#8243; custom_margin=&#8221;0px||||false|false&#8221; custom_padding=&#8221;0px|60px|80px|60px|false|true&#8221; custom_padding_tablet=&#8221;0px|40px|110px|40px|false|true&#8221; custom_padding_phone=&#8221;0px|10px|110px|10px|false|true&#8221; custom_css_before=&#8221;content:%22%22;||display: block;||width: 1px;||height: 100%;||background-color: rgba(0,0,0,0.1);||||position: absolute;||left: 60px;||top: 0;||z-index: 400;&#8221; custom_css_main_element=&#8221;position: relative;&#8221; custom_css_after=&#8221;content:%22%22;||display: block;||width: 1px;||height: 100%;||background-color: rgba(0,0,0,0.1);||||position: absolute;||right: 60px;||top: 0;&#8221; global_colors_info=&#8221;{}&#8221; custom_css_before_last_edited=&#8221;on|phone&#8221; custom_css_before_tablet=&#8221;content:%22%22;||display: block;||width: 1px;||height: 100%;||background-color: rgba(0,0,0,0.1);||||position: absolute;||left: 40px;||top: 0;||z-index: 400;&#8221; custom_css_after_last_edited=&#8221;on|phone&#8221; custom_css_after_tablet=&#8221;content:%22%22;||display: block;||width: 1px;||height: 100%;||background-color: rgba(0,0,0,0.1);||||position: absolute;||right: 40px;||top: 0;&#8221; custom_css_after_phone=&#8221;content:%22%22;||display: block;||width: 1px;||height: 100%;||background-color: rgba(0,0,0,0.1);||||position: absolute;||right: 10px;||top: 0;&#8221; custom_css_main_element_last_edited=&#8221;on|desktop&#8221; custom_css_before_phone=&#8221;content:%22%22;||display: block;||width: 1px;||height: 100%;||background-color: rgba(0,0,0,0.1);||||position: absolute;||left: 10px;||top: 0;||z-index: 400;&#8221; custom_css_main_element_tablet=&#8221;position: relative;&#8221; custom_css_main_element_phone=&#8221;position: relative;&#8221;][et_pb_row column_structure=&#8221;1_2,1_2&#8243; custom_padding_last_edited=&#8221;on|desktop&#8221; _builder_version=&#8221;4.19.4&#8243; _module_preset=&#8221;default&#8221; background_color=&#8221;#f2f2f2&#8243; width=&#8221;100%&#8221; width_tablet=&#8221;100%&#8221; width_phone=&#8221;100%&#8221; width_last_edited=&#8221;on|phone&#8221; max_width=&#8221;1500px&#8221; module_alignment=&#8221;center&#8221; custom_margin=&#8221;0px|auto||auto||&#8221; custom_margin_tablet=&#8221;0px|auto||auto||&#8221; custom_margin_phone=&#8221;0px|auto||auto||&#8221; custom_margin_last_edited=&#8221;on|desktop&#8221; custom_padding=&#8221;80px|60px||60px|false|true&#8221; custom_padding_tablet=&#8221;100px|40px||40px|false|true&#8221; custom_padding_phone=&#8221;|20px||20px|false|true&#8221; custom_css_main_element=&#8221;width: calc(100% &#8211; 200px);||position: relative;&#8221; global_colors_info=&#8221;{}&#8221; custom_css_before_last_edited=&#8221;on|tablet&#8221;][et_pb_column type=&#8221;1_2&#8243; _builder_version=&#8221;4.19.4&#8243; _module_preset=&#8221;default&#8221; global_colors_info=&#8221;{}&#8221;][dsm_block_reveal_text block_reveal_text=&#8221;Het eindresultaat&#8221; heading_html_tag=&#8221;h3&#8243; block_reveal_color=&#8221;#f2f2f2&#8243; _builder_version=&#8221;4.20.2&#8243; _module_preset=&#8221;default&#8221; global_colors_info=&#8221;{}&#8221;][\/dsm_block_reveal_text][\/et_pb_column][et_pb_column type=&#8221;1_2&#8243; _builder_version=&#8221;4.19.4&#8243; _module_preset=&#8221;default&#8221; global_colors_info=&#8221;{}&#8221;][et_pb_image src=&#8221;https:\/\/www.kubik-creation.be\/wp-content\/uploads\/2023\/02\/les-azalees-resultat.jpg&#8221; title_text=&#8221;les-azalees-resultat&#8221; _builder_version=&#8221;4.19.4&#8243; _module_preset=&#8221;default&#8221; custom_margin=&#8221;-150px||||false|false&#8221; global_colors_info=&#8221;{}&#8221;][\/et_pb_image][\/et_pb_column][\/et_pb_row][et_pb_row custom_padding_last_edited=&#8221;on|desktop&#8221; _builder_version=&#8221;4.19.4&#8243; _module_preset=&#8221;default&#8221; width=&#8221;100%&#8221; width_tablet=&#8221;100%&#8221; width_phone=&#8221;100%&#8221; width_last_edited=&#8221;on|phone&#8221; max_width=&#8221;1500px&#8221; custom_padding=&#8221;|60px||60px|false|true&#8221; custom_padding_tablet=&#8221;|40px||40px|false|true&#8221; custom_padding_phone=&#8221;|20px||20px|false|true&#8221; global_colors_info=&#8221;{}&#8221;][et_pb_column type=&#8221;4_4&#8243; _builder_version=&#8221;4.19.4&#8243; _module_preset=&#8221;default&#8221; global_colors_info=&#8221;{}&#8221;][dsm_image_carousel gallery_ids=&#8221;748,749,750,751,752,753&#8243; sizes=&#8221;et-pb-gallery-module-image-portrait&#8221; dots=&#8221;off&#8221; arrow_color=&#8221;#000000&#8243; slide_to_show_tablet=&#8221;2&#8243; slide_to_show_phone=&#8221;2&#8243; slide_to_show_last_edited=&#8221;on|phone&#8221; _builder_version=&#8221;4.19.4&#8243; _module_preset=&#8221;default&#8221; global_colors_info=&#8221;{}&#8221;][\/dsm_image_carousel][et_pb_button button_url=&#8221;@ET-DC@eyJkeW5hbWljIjp0cnVlLCJjb250ZW50IjoicG9zdF9saW5rX3VybF9wYWdlIiwic2V0dGluZ3MiOnsicG9zdF9pZCI6IjIzODgifX0=@&#8221; button_text=&#8221;Bekijk alle prestaties&#8221; button_alignment=&#8221;center&#8221; _builder_version=&#8221;4.20.2&#8243; _dynamic_attributes=&#8221;button_url&#8221; _module_preset=&#8221;default&#8221; custom_button=&#8221;on&#8221; button_text_size=&#8221;16px&#8221; button_text_color=&#8221;#FFFFFF&#8221; button_bg_color=&#8221;#051726&#8243; button_border_width=&#8221;0px&#8221; button_border_color=&#8221;#FFFFFF&#8221; button_font=&#8221;||||||||&#8221; button_icon=&#8221;&#x24;||divi||400&#8243; button_icon_color=&#8221;#FFFFFF&#8221; button_on_hover=&#8221;off&#8221; custom_margin=&#8221;60px|||||&#8221; custom_padding=&#8221;13px|45px|13px|30px|true|false&#8221; hover_enabled=&#8221;0&#8243; global_colors_info=&#8221;{}&#8221; button_bg_color__hover_enabled=&#8221;on|hover&#8221; button_bg_color__hover=&#8221;#000000&#8243; button_bg_enable_color__hover=&#8221;on&#8221; sticky_enabled=&#8221;0&#8243;][\/et_pb_button][\/et_pb_column][\/et_pb_row][\/et_pb_section]<\/p>\n","protected":false},"excerpt":{"rendered":"<p><div class=\"et_pb_module dsm_block_reveal_text dsm_block_reveal_text_0\">\n\t\t\t\t\n\t\t\t\t\n\t\t\t\t\n\t\t\t\t\n\t\t\t\t\n\t\t\t\t\n\t\t\t\t<div class=\"et_pb_module_inner\">\n\t\t\t\t\t<div class=\"dsm_block_reveal_text_wrapper\" data-dsm-block-reveal-animation=\"lr\" data-dsm-block-reveal-color=\"#FFFFFF\" data-dsm-block-reveal-delay=\"0.1\" data-dsm-block-reveal-viewport=\"80%\"><h1 class=\"dsm_block_reveal_text_header et_pb_module_header\">Les Azal\u00e9es \u2013 Home in Brussels<\/h1><\/div>\n\t\t\t\t<\/div>\n\t\t\t<\/div>Les Azal\u00e9es is een rust- en verzorgingstehuis in de Brusselse wijk Evere. Ons werd gevraagd het buitenterras te verbeteren door de integratie van cortenstalen panelen.<div class=\"et_pb_module dsm_block_reveal_text dsm_block_reveal_text_1\">\n\t\t\t\t\n\t\t\t\t\n\t\t\t\t\n\t\t\t\t\n\t\t\t\t\n\t\t\t\t\n\t\t\t\t<div class=\"et_pb_module_inner\">\n\t\t\t\t\t<div class=\"dsm_block_reveal_text_wrapper\" data-dsm-block-reveal-animation=\"lr\" data-dsm-block-reveal-color=\"#f2f2f2\" data-dsm-block-reveal-delay=\"0.1\" data-dsm-block-reveal-viewport=\"80%\"><h1 class=\"dsm_block_reveal_text_header et_pb_module_header\">Nieuwe modulaire tuin van Kubik: functioneel en esthetisch<\/h1><\/div>\n\t\t\t\t<\/div>\n\t\t\t<\/div>Kubik bood verschillende maten van 2mm dikke kuipen aan om \u00e9\u00e9n geheel te vormen.De verschillende modules werden aan elkaar geschroefd en geperforeerd om het automatische bewateringssysteem door te laten. Het middelpunt is een vierkant van 2m x 2m met een ge\u00efntegreerde IPE houten bank zodat de bewoners kunnen genieten van hun nieuwe bloeiende ruimte. Het vullen van de plantenbakken en de keuze van de beplanting werd uitgevoerd door B-jardin (Banjamin Loutres en zijn team). De tuinaannemer :\u00a0https:\/\/www.b-jardin.be\/Het bejaardentehuis :\u00a0http:\/\/www.novadia.be\/residences\/azalees\/ &nbsp; 3D technische tekening :Na enkele besprekingen met de werfleider maakten we het 3D-plan van de plantenbakken voor goedkeuring.Doe een beroep op Kubik voor uw exterieur Vraag een offerte aan bij een van onze experts<div class=\"et_pb_module dsm_block_reveal_text dsm_block_reveal_text_2\">\n\t\t\t\t\n\t\t\t\t\n\t\t\t\t\n\t\t\t\t\n\t\t\t\t\n\t\t\t\t\n\t\t\t\t<div class=\"et_pb_module_inner\">\n\t\t\t\t\t<div class=\"dsm_block_reveal_text_wrapper\" data-dsm-block-reveal-animation=\"lr\" data-dsm-block-reveal-color=\"#f2f2f2\" data-dsm-block-reveal-delay=\"0.1\" data-dsm-block-reveal-viewport=\"80%\"><h3 class=\"dsm_block_reveal_text_header et_pb_module_header\">Het eindresultaat<\/h3><\/div>\n\t\t\t\t<\/div>\n\t\t\t<\/div><div class=\"et_pb_module dsm_image_carousel dsm_image_carousel_0 dsm_image_carousel_arrow_outside dsm_image_carousel_arrow_mobile_inside \">\n\t\t\t\t\n\t\t\t\t\n\t\t\t\t\n\t\t\t\t\n\t\t\t\t\n\t\t\t\t\n\t\t\t\t<div class=\"et_pb_module_inner\">\n\t\t\t\t\t<div class=\"swiper-container dsm_image_carousel_container  dsm_image_carousel_carousel\" dir=\"ltr\"data-effect=\"default\"\n\t\t\tdata-slider-effect-shadows=\"false\"\n\t\t\tdata-slider-effect-coverflow-rotate=\"30\"\n\t\t\tdata-slider-effect-coverflow-depth=\"0\"\n\t\t\tdata-loop=\"true\"\n\t\t\tdata-slide-to-show=\"4\"\n\t\t\tdata-slide-to-show-tablet=\"2\"\n\t\t\tdata-slide-to-show-phone=\"2\"\n\t\t\tdata-slide-to-scroll=\"1\"\n\t\t\tdata-slide-to-scroll-tablet=\"1\"\n\t\t\tdata-slide-to-scroll-phone=\"1\"\n\t\t\tdata-space-between=\"15\"\n\t\t\tdata-space-between-tablet=\"15\"\n\t\t\tdata-space-between-phone=\"15\"\n\t\t\tdata-slide-row=\"1\"\n\t\t\tdata-centered-slides=\"false\"\n\t\t\tdata-speed=\"300\"\n\t\t\tdata-autoplay=\"true\"\n\t\t\tdata-autoplay-speed=\"3000\"\n\t\t\tdata-touch-move=\"true\"\n\t\t\tdata-grab=\"true\"\n\t\t\tdata-pause-on-hover=\"false\"\n\t\t\tdata-show-lightbox=\"false\"\n\t\t\tdata-lightbox-gallery=\"false\"\n\t\t\tdata-lightbox-caption=\"false\"\n\t\t\tdata-infinite-scrolling=\"false\"\n\t\t\tdata-slide-row-tablet=\"1\"\n\t\t\tdata-slide-row-phone=\"1\"\n\t\t\tdata-autoplay-viewport=80%\n\t\t\tdata-mousewheel=\"false\"\n\t\t\tdata-lazyload=\"false\"\n\t\t\tdata-type=\"carousel\"\n\t\t\tdata-slideshow-effect=\"default\"\n\t\t\tdata-slideshow-to-show=\"4\"\n\t\t\tdata-slideshow-to-show-tablet=\"4\"\n\t\t\tdata-slideshow-to-show-phone=\"\"\n\t\t\tdata-slider-orientation=\"horizontal\"\n\t\t\t\t\t\tdata-lightbox-title=\"false\"\n\n\t\t\t><div class=\"swiper-wrapper\"><div class=\"swiper-slide dsm_image_carousel_item\"><img loading=\"lazy\" decoding=\"async\" src=\"https:\/\/www.kubik-creation.be\/wp-content\/uploads\/2023\/02\/kubik-creation-azalees-gallerie-1-400x446.jpg\" alt=\"Jardin modulaire aux Azal\u00e9es \u00e0 Bruxelles par Kubik\" title=\"kubik-creation-azalees-gallerie-1\" width=\"400\" height=\"446\" data-dsm-image-description=\"\" class=\" skip-lazy\" \/><\/div><div class=\"swiper-slide dsm_image_carousel_item\"><img loading=\"lazy\" decoding=\"async\" src=\"https:\/\/www.kubik-creation.be\/wp-content\/uploads\/2023\/02\/kubik-creation-azalees-gallerie-2-400x446.jpg\" alt=\"Jardin modulaire aux Azal\u00e9es \u00e0 Bruxelles par Kubik\" title=\"kubik-creation-azalees-gallerie-2\" width=\"400\" height=\"446\" data-dsm-image-description=\"\" class=\" skip-lazy\" \/><\/div><div class=\"swiper-slide dsm_image_carousel_item\"><img loading=\"lazy\" decoding=\"async\" src=\"https:\/\/www.kubik-creation.be\/wp-content\/uploads\/2023\/02\/kubik-creation-azalees-gallerie-3-400x446.jpg\" alt=\"Jardin modulaire aux Azal\u00e9es \u00e0 Bruxelles par Kubik\" title=\"kubik-creation-azalees-gallerie-3\" width=\"400\" height=\"446\" data-dsm-image-description=\"\" class=\" skip-lazy\" \/><\/div><div class=\"swiper-slide dsm_image_carousel_item\"><img loading=\"lazy\" decoding=\"async\" src=\"https:\/\/www.kubik-creation.be\/wp-content\/uploads\/2023\/02\/kubik-creation-azalees-gallerie-5-400x446.jpg\" alt=\"Jardin modulaire aux Azal\u00e9e \u00e0 Bruxelles par Kubik\" title=\"kubik-creation-azalees-gallerie-5\" width=\"400\" height=\"446\" data-dsm-image-description=\"\" class=\" skip-lazy\" \/><\/div><div class=\"swiper-slide dsm_image_carousel_item\"><img loading=\"lazy\" decoding=\"async\" src=\"https:\/\/www.kubik-creation.be\/wp-content\/uploads\/2023\/02\/kubik-creation-azalees-gallerie-6-400x446.jpg\" alt=\"Jardin modulaire aux Azal\u00e9e de Bruxelles par Kubik\" title=\"kubik-creation-azalees-gallerie-6\" width=\"400\" height=\"446\" data-dsm-image-description=\"\" class=\" skip-lazy\" \/><\/div><div class=\"swiper-slide dsm_image_carousel_item\"><img loading=\"lazy\" decoding=\"async\" src=\"https:\/\/www.kubik-creation.be\/wp-content\/uploads\/2023\/02\/kubik-creation-azalees-gallerie-7-400x446.jpg\" alt=\"Jardin modulaire aux Azal\u00e9e de Bruxelles par Kubik\" title=\"kubik-creation-azalees-gallerie-7\" width=\"400\" height=\"446\" data-dsm-image-description=\"\" class=\" skip-lazy\" \/><\/div><\/div><\/div><div class=\"swiper-button-prev swiper-arrow-button\" data-icon=\"4\"><\/div><div class=\"swiper-button-next swiper-arrow-button\" data-icon=\"5\"><\/div>\n\t\t\t\t<\/div>\n\t\t\t<\/div><\/p>\n","protected":false},"author":2,"featured_media":1584,"comment_status":"closed","ping_status":"closed","template":"","meta":{"_et_pb_use_builder":"on","_et_pb_old_content":"","_et_gb_content_width":"","footnotes":""},"project_category":[40,41],"project_tag":[],"class_list":["post-2089","project","type-project","status-publish","has-post-thumbnail","hentry","project_category-acier-corten-nl","project_category-terrasse-nl"],"yoast_head":"<!-- This site is optimized with the Yoast SEO plugin v27.4 - https:\/\/yoast.com\/product\/yoast-seo-wordpress\/ -->\n<title>Les Azal\u00e9es \u2013 Home \u00e0 Bruxelles - Kubik Cr\u00e9ation<\/title>\n<meta name=\"robots\" content=\"index, follow, max-snippet:-1, max-image-preview:large, max-video-preview:-1\" \/>\n<link rel=\"canonical\" href=\"https:\/\/www.kubik-creation.be\/nl\/project\/les-azalees-home-a-bruxelles\/\" \/>\n<meta property=\"og:locale\" content=\"nl_NL\" \/>\n<meta property=\"og:type\" content=\"article\" \/>\n<meta property=\"og:title\" content=\"Les Azal\u00e9es \u2013 Home \u00e0 Bruxelles - Kubik Cr\u00e9ation\" \/>\n<meta property=\"og:description\" content=\"Les Azal\u00e9es is een rust- en verzorgingstehuis in de Brusselse wijk Evere. Ons werd gevraagd het buitenterras te verbeteren door de integratie van cortenstalen panelen.Kubik bood verschillende maten van 2mm dikke kuipen aan om \u00e9\u00e9n geheel te vormen.De verschillende modules werden aan elkaar geschroefd en geperforeerd om het automatische bewateringssysteem door te laten. Het middelpunt is een vierkant van 2m x 2m met een ge\u00efntegreerde IPE houten bank zodat de bewoners kunnen genieten van hun nieuwe bloeiende ruimte. Het vullen van de plantenbakken en de keuze van de beplanting werd uitgevoerd door B-jardin (Banjamin Loutres en zijn team). De tuinaannemer :\u00a0https:\/\/www.b-jardin.be\/Het bejaardentehuis :\u00a0http:\/\/www.novadia.be\/residences\/azalees\/ &nbsp; 3D technische tekening :Na enkele besprekingen met de werfleider maakten we het 3D-plan van de plantenbakken voor goedkeuring.Doe een beroep op Kubik voor uw exterieur Vraag een offerte aan bij een van onze experts\" \/>\n<meta property=\"og:url\" content=\"https:\/\/www.kubik-creation.be\/nl\/project\/les-azalees-home-a-bruxelles\/\" \/>\n<meta property=\"og:site_name\" content=\"Kubik Cr\u00e9ation\" \/>\n<meta property=\"article:modified_time\" content=\"2023-04-04T15:03:24+00:00\" \/>\n<meta property=\"og:image\" content=\"https:\/\/www.kubik-creation.be\/wp-content\/uploads\/2023\/02\/les-azalees-resultat.jpg\" \/>\n\t<meta property=\"og:image:width\" content=\"700\" \/>\n\t<meta property=\"og:image:height\" content=\"467\" \/>\n\t<meta property=\"og:image:type\" content=\"image\/jpeg\" \/>\n<meta name=\"twitter:card\" content=\"summary_large_image\" \/>\n<meta name=\"twitter:label1\" content=\"Geschatte leestijd\" \/>\n\t<meta name=\"twitter:data1\" content=\"5 minuten\" \/>\n<script type=\"application\/ld+json\" class=\"yoast-schema-graph\">{\"@context\":\"https:\\\/\\\/schema.org\",\"@graph\":[{\"@type\":\"WebPage\",\"@id\":\"https:\\\/\\\/www.kubik-creation.be\\\/nl\\\/project\\\/les-azalees-home-a-bruxelles\\\/\",\"url\":\"https:\\\/\\\/www.kubik-creation.be\\\/nl\\\/project\\\/les-azalees-home-a-bruxelles\\\/\",\"name\":\"Les Azal\u00e9es \u2013 Home \u00e0 Bruxelles - Kubik Cr\u00e9ation\",\"isPartOf\":{\"@id\":\"https:\\\/\\\/www.kubik-creation.be\\\/nl\\\/#website\"},\"primaryImageOfPage\":{\"@id\":\"https:\\\/\\\/www.kubik-creation.be\\\/nl\\\/project\\\/les-azalees-home-a-bruxelles\\\/#primaryimage\"},\"image\":{\"@id\":\"https:\\\/\\\/www.kubik-creation.be\\\/nl\\\/project\\\/les-azalees-home-a-bruxelles\\\/#primaryimage\"},\"thumbnailUrl\":\"https:\\\/\\\/www.kubik-creation.be\\\/wp-content\\\/uploads\\\/2023\\\/02\\\/les-azalees-resultat.jpg\",\"datePublished\":\"2023-02-13T08:42:13+00:00\",\"dateModified\":\"2023-04-04T15:03:24+00:00\",\"breadcrumb\":{\"@id\":\"https:\\\/\\\/www.kubik-creation.be\\\/nl\\\/project\\\/les-azalees-home-a-bruxelles\\\/#breadcrumb\"},\"inLanguage\":\"nl-NL\",\"potentialAction\":[{\"@type\":\"ReadAction\",\"target\":[\"https:\\\/\\\/www.kubik-creation.be\\\/nl\\\/project\\\/les-azalees-home-a-bruxelles\\\/\"]}]},{\"@type\":\"ImageObject\",\"inLanguage\":\"nl-NL\",\"@id\":\"https:\\\/\\\/www.kubik-creation.be\\\/nl\\\/project\\\/les-azalees-home-a-bruxelles\\\/#primaryimage\",\"url\":\"https:\\\/\\\/www.kubik-creation.be\\\/wp-content\\\/uploads\\\/2023\\\/02\\\/les-azalees-resultat.jpg\",\"contentUrl\":\"https:\\\/\\\/www.kubik-creation.be\\\/wp-content\\\/uploads\\\/2023\\\/02\\\/les-azalees-resultat.jpg\",\"width\":700,\"height\":467,\"caption\":\"Jardin modulaire aux Azal\u00e9es \u00e0 Bruxelles par Kubik\"},{\"@type\":\"BreadcrumbList\",\"@id\":\"https:\\\/\\\/www.kubik-creation.be\\\/nl\\\/project\\\/les-azalees-home-a-bruxelles\\\/#breadcrumb\",\"itemListElement\":[{\"@type\":\"ListItem\",\"position\":1,\"name\":\"Accueil\",\"item\":\"https:\\\/\\\/www.kubik-creation.be\\\/nl\\\/\"},{\"@type\":\"ListItem\",\"position\":2,\"name\":\"Projecten\",\"item\":\"https:\\\/\\\/www.kubik-creation.be\\\/nl\\\/project\\\/\"},{\"@type\":\"ListItem\",\"position\":3,\"name\":\"Les Azal\u00e9es \u2013 Home \u00e0 Bruxelles\"}]},{\"@type\":\"WebSite\",\"@id\":\"https:\\\/\\\/www.kubik-creation.be\\\/nl\\\/#website\",\"url\":\"https:\\\/\\\/www.kubik-creation.be\\\/nl\\\/\",\"name\":\"Kubik Cr\u00e9ation\",\"description\":\"\",\"potentialAction\":[{\"@type\":\"SearchAction\",\"target\":{\"@type\":\"EntryPoint\",\"urlTemplate\":\"https:\\\/\\\/www.kubik-creation.be\\\/nl\\\/?s={search_term_string}\"},\"query-input\":{\"@type\":\"PropertyValueSpecification\",\"valueRequired\":true,\"valueName\":\"search_term_string\"}}],\"inLanguage\":\"nl-NL\"}]}<\/script>\n<!-- \/ Yoast SEO plugin. -->","yoast_head_json":{"title":"Les Azal\u00e9es \u2013 Home \u00e0 Bruxelles - Kubik Cr\u00e9ation","robots":{"index":"index","follow":"follow","max-snippet":"max-snippet:-1","max-image-preview":"max-image-preview:large","max-video-preview":"max-video-preview:-1"},"canonical":"https:\/\/www.kubik-creation.be\/nl\/project\/les-azalees-home-a-bruxelles\/","og_locale":"nl_NL","og_type":"article","og_title":"Les Azal\u00e9es \u2013 Home \u00e0 Bruxelles - Kubik Cr\u00e9ation","og_description":"Les Azal\u00e9es is een rust- en verzorgingstehuis in de Brusselse wijk Evere. Ons werd gevraagd het buitenterras te verbeteren door de integratie van cortenstalen panelen.Kubik bood verschillende maten van 2mm dikke kuipen aan om \u00e9\u00e9n geheel te vormen.De verschillende modules werden aan elkaar geschroefd en geperforeerd om het automatische bewateringssysteem door te laten. Het middelpunt is een vierkant van 2m x 2m met een ge\u00efntegreerde IPE houten bank zodat de bewoners kunnen genieten van hun nieuwe bloeiende ruimte. Het vullen van de plantenbakken en de keuze van de beplanting werd uitgevoerd door B-jardin (Banjamin Loutres en zijn team). De tuinaannemer :\u00a0https:\/\/www.b-jardin.be\/Het bejaardentehuis :\u00a0http:\/\/www.novadia.be\/residences\/azalees\/ &nbsp; 3D technische tekening :Na enkele besprekingen met de werfleider maakten we het 3D-plan van de plantenbakken voor goedkeuring.Doe een beroep op Kubik voor uw exterieur Vraag een offerte aan bij een van onze experts","og_url":"https:\/\/www.kubik-creation.be\/nl\/project\/les-azalees-home-a-bruxelles\/","og_site_name":"Kubik Cr\u00e9ation","article_modified_time":"2023-04-04T15:03:24+00:00","og_image":[{"width":700,"height":467,"url":"https:\/\/www.kubik-creation.be\/wp-content\/uploads\/2023\/02\/les-azalees-resultat.jpg","type":"image\/jpeg"}],"twitter_card":"summary_large_image","twitter_misc":{"Geschatte leestijd":"5 minuten"},"schema":{"@context":"https:\/\/schema.org","@graph":[{"@type":"WebPage","@id":"https:\/\/www.kubik-creation.be\/nl\/project\/les-azalees-home-a-bruxelles\/","url":"https:\/\/www.kubik-creation.be\/nl\/project\/les-azalees-home-a-bruxelles\/","name":"Les Azal\u00e9es \u2013 Home \u00e0 Bruxelles - Kubik Cr\u00e9ation","isPartOf":{"@id":"https:\/\/www.kubik-creation.be\/nl\/#website"},"primaryImageOfPage":{"@id":"https:\/\/www.kubik-creation.be\/nl\/project\/les-azalees-home-a-bruxelles\/#primaryimage"},"image":{"@id":"https:\/\/www.kubik-creation.be\/nl\/project\/les-azalees-home-a-bruxelles\/#primaryimage"},"thumbnailUrl":"https:\/\/www.kubik-creation.be\/wp-content\/uploads\/2023\/02\/les-azalees-resultat.jpg","datePublished":"2023-02-13T08:42:13+00:00","dateModified":"2023-04-04T15:03:24+00:00","breadcrumb":{"@id":"https:\/\/www.kubik-creation.be\/nl\/project\/les-azalees-home-a-bruxelles\/#breadcrumb"},"inLanguage":"nl-NL","potentialAction":[{"@type":"ReadAction","target":["https:\/\/www.kubik-creation.be\/nl\/project\/les-azalees-home-a-bruxelles\/"]}]},{"@type":"ImageObject","inLanguage":"nl-NL","@id":"https:\/\/www.kubik-creation.be\/nl\/project\/les-azalees-home-a-bruxelles\/#primaryimage","url":"https:\/\/www.kubik-creation.be\/wp-content\/uploads\/2023\/02\/les-azalees-resultat.jpg","contentUrl":"https:\/\/www.kubik-creation.be\/wp-content\/uploads\/2023\/02\/les-azalees-resultat.jpg","width":700,"height":467,"caption":"Jardin modulaire aux Azal\u00e9es \u00e0 Bruxelles par Kubik"},{"@type":"BreadcrumbList","@id":"https:\/\/www.kubik-creation.be\/nl\/project\/les-azalees-home-a-bruxelles\/#breadcrumb","itemListElement":[{"@type":"ListItem","position":1,"name":"Accueil","item":"https:\/\/www.kubik-creation.be\/nl\/"},{"@type":"ListItem","position":2,"name":"Projecten","item":"https:\/\/www.kubik-creation.be\/nl\/project\/"},{"@type":"ListItem","position":3,"name":"Les Azal\u00e9es \u2013 Home \u00e0 Bruxelles"}]},{"@type":"WebSite","@id":"https:\/\/www.kubik-creation.be\/nl\/#website","url":"https:\/\/www.kubik-creation.be\/nl\/","name":"Kubik Cr\u00e9ation","description":"","potentialAction":[{"@type":"SearchAction","target":{"@type":"EntryPoint","urlTemplate":"https:\/\/www.kubik-creation.be\/nl\/?s={search_term_string}"},"query-input":{"@type":"PropertyValueSpecification","valueRequired":true,"valueName":"search_term_string"}}],"inLanguage":"nl-NL"}]}},"_links":{"self":[{"href":"https:\/\/www.kubik-creation.be\/nl\/wp-json\/wp\/v2\/project\/2089","targetHints":{"allow":["GET"]}}],"collection":[{"href":"https:\/\/www.kubik-creation.be\/nl\/wp-json\/wp\/v2\/project"}],"about":[{"href":"https:\/\/www.kubik-creation.be\/nl\/wp-json\/wp\/v2\/types\/project"}],"author":[{"embeddable":true,"href":"https:\/\/www.kubik-creation.be\/nl\/wp-json\/wp\/v2\/users\/2"}],"replies":[{"embeddable":true,"href":"https:\/\/www.kubik-creation.be\/nl\/wp-json\/wp\/v2\/comments?post=2089"}],"version-history":[{"count":4,"href":"https:\/\/www.kubik-creation.be\/nl\/wp-json\/wp\/v2\/project\/2089\/revisions"}],"predecessor-version":[{"id":2511,"href":"https:\/\/www.kubik-creation.be\/nl\/wp-json\/wp\/v2\/project\/2089\/revisions\/2511"}],"wp:featuredmedia":[{"embeddable":true,"href":"https:\/\/www.kubik-creation.be\/nl\/wp-json\/wp\/v2\/media\/1584"}],"wp:attachment":[{"href":"https:\/\/www.kubik-creation.be\/nl\/wp-json\/wp\/v2\/media?parent=2089"}],"wp:term":[{"taxonomy":"project_category","embeddable":true,"href":"https:\/\/www.kubik-creation.be\/nl\/wp-json\/wp\/v2\/project_category?post=2089"},{"taxonomy":"project_tag","embeddable":true,"href":"https:\/\/www.kubik-creation.be\/nl\/wp-json\/wp\/v2\/project_tag?post=2089"}],"curies":[{"name":"wp","href":"https:\/\/api.w.org\/{rel}","templated":true}]}}